{"id":94,"date":"2017-06-12T10:22:00","date_gmt":"2017-06-12T08:22:00","guid":{"rendered":"http:\/\/wp12412033.server-he.de\/henkel\/?page_id=9"},"modified":"2017-07-06T17:12:57","modified_gmt":"2017-07-06T15:12:57","slug":"verkauf","status":"publish","type":"page","link":"https:\/\/autohaus-henkel.de\/index.php\/leistungen\/verkauf\/","title":{"rendered":"Verkauf"},"content":{"rendered":"<div id=\"pl-94\"  class=\"panel-layout\" ><div id=\"pg-94-0\"  class=\"panel-grid panel-has-style\" ><div class=\"panel-widget-style panel-row-style panel-row-style-for-94-0\" ><div id=\"pgc-94-0-0\"  class=\"panel-grid-cell\" ><div id=\"panel-94-0-0-0\" class=\"so-panel widget widget_sow-editor panel-first-child panel-last-child\" data-index=\"0\" ><div\n\t\t\t\n\t\t\tclass=\"so-widget-sow-editor so-widget-sow-editor-base\"\n\t\t\t\n\t\t>\n<div class=\"siteorigin-widget-tinymce textwidget\">\n\t<h1>Verkauf<\/h1>\n<p>\u00a0<\/p>\n<p>Wir vermitteln Fahrzeuge aller Hersteller.<\/p>\n<p>In unserer gro\u00dfen Auswahl an Neu- und Gebrauchtfahrzeugen ist f\u00fcr jeden Wunsch etwas zu finden!<\/p>\n<\/div>\n<\/div><\/div><\/div><\/div><\/div><div id=\"pg-94-1\"  class=\"panel-grid panel-no-style\" ><div id=\"pgc-94-1-0\"  class=\"panel-grid-cell\" ><div id=\"panel-94-1-0-0\" class=\"so-panel widget widget_sow-image panel-first-child panel-last-child\" data-index=\"1\" ><div\n\t\t\t\n\t\t\tclass=\"so-widget-sow-image so-widget-sow-image-default-8b5b6f678277-94\"\n\t\t\t\n\t\t>\n<div class=\"sow-image-container\">\n\t\t<img \n\tsrc=\"https:\/\/autohaus-henkel.de\/wp-content\/uploads\/2017\/06\/20170325-IMG_9267.jpg\" width=\"1772\" height=\"1181\" srcset=\"https:\/\/autohaus-henkel.de\/wp-content\/uploads\/2017\/06\/20170325-IMG_9267.jpg 1772w, https:\/\/autohaus-henkel.de\/wp-content\/uploads\/2017\/06\/20170325-IMG_9267-300x200.jpg 300w, https:\/\/autohaus-henkel.de\/wp-content\/uploads\/2017\/06\/20170325-IMG_9267-768x512.jpg 768w, https:\/\/autohaus-henkel.de\/wp-content\/uploads\/2017\/06\/20170325-IMG_9267-1024x682.jpg 1024w, https:\/\/autohaus-henkel.de\/wp-content\/uploads\/2017\/06\/20170325-IMG_9267-272x182.jpg 272w\" sizes=\"(max-width: 1772px) 100vw, 1772px\" alt=\"\" \t\tclass=\"so-widget-image\"\/>\n\t<\/div>\n\n<\/div><\/div><\/div><div id=\"pgc-94-1-1\"  class=\"panel-grid-cell\" ><div id=\"panel-94-1-1-0\" class=\"so-panel widget widget_sow-editor panel-first-child panel-last-child\" data-index=\"2\" ><div\n\t\t\t\n\t\t\tclass=\"so-widget-sow-editor so-widget-sow-editor-base\"\n\t\t\t\n\t\t>\n<div class=\"siteorigin-widget-tinymce textwidget\">\n\t<p>\u00a0<\/p>\n<p>\u00a0<\/p>\n<p>Selbstverst\u00e4ndlich k\u00f6nnen wir Ihnen auch eine gro\u00dfe Auswahl an Zubeh\u00f6r, Pflegematerial und Ersatzteilen anbieten.<br \/>Auch Originalzubeh\u00f6r von BMW k\u00f6nnen Sie bei uns bekommen, da wir uns auf Automobile dieser Marke spezialisiert haben.<\/p>\n<p><strong>Ihre Ansprechpartnerin f\u00fcr den Verkauf:<\/strong><br \/>Frau Roswitha Wider und Christoph Wider<br \/>Herr Werner Henkel<\/p>\n<\/div>\n<\/div><\/div><\/div><\/div><\/div>","protected":false},"excerpt":{"rendered":"<p>Verkauf\u00a0Wir vermitteln Fahrzeuge aller Hersteller.In unserer gro\u00dfen Auswahl an Neu- und Gebrauchtfahrzeugen ist f\u00fcr jeden Wunsch etwas zu finden! \u00a0\u00a0Selbstverst\u00e4ndlich k\u00f6nnen wir Ihnen auch eine gro\u00dfe Auswahl an Zubeh\u00f6r, Pflegematerial und Ersatzteilen anbieten.Auch Originalzubeh\u00f6r von BMW k\u00f6nnen Sie bei uns &hellip; <a class=\"kt-excerpt-readmore\" href=\"https:\/\/autohaus-henkel.de\/index.php\/leistungen\/verkauf\/\" aria-label=\"Verkauf\">Weiterlesen<\/a><\/p>\n","protected":false},"author":1,"featured_media":403,"parent":5,"menu_order":0,"comment_status":"closed","ping_status":"closed","template":"page-feature.php","meta":{"footnotes":""},"class_list":["post-94","page","type-page","status-publish","has-post-thumbnail","hentry"],"_links":{"self":[{"href":"https:\/\/autohaus-henkel.de\/index.php\/wp-json\/wp\/v2\/pages\/94","targetHints":{"allow":["GET"]}}],"collection":[{"href":"https:\/\/autohaus-henkel.de\/index.php\/wp-json\/wp\/v2\/pages"}],"about":[{"href":"https:\/\/autohaus-henkel.de\/index.php\/wp-json\/wp\/v2\/types\/page"}],"author":[{"embeddable":true,"href":"https:\/\/autohaus-henkel.de\/index.php\/wp-json\/wp\/v2\/users\/1"}],"replies":[{"embeddable":true,"href":"https:\/\/autohaus-henkel.de\/index.php\/wp-json\/wp\/v2\/comments?post=94"}],"version-history":[{"count":0,"href":"https:\/\/autohaus-henkel.de\/index.php\/wp-json\/wp\/v2\/pages\/94\/revisions"}],"up":[{"embeddable":true,"href":"https:\/\/autohaus-henkel.de\/index.php\/wp-json\/wp\/v2\/pages\/5"}],"wp:featuredmedia":[{"embeddable":true,"href":"https:\/\/autohaus-henkel.de\/index.php\/wp-json\/wp\/v2\/media\/403"}],"wp:attachment":[{"href":"https:\/\/autohaus-henkel.de\/index.php\/wp-json\/wp\/v2\/media?parent=94"}],"curies":[{"name":"wp","href":"https:\/\/api.w.org\/{rel}","templated":true}]}}